{"id":9138,"date":"2026-04-09T13:44:54","date_gmt":"2026-04-09T13:44:54","guid":{"rendered":"https:\/\/rgmetalshaping.com\/?page_id=9138"},"modified":"2026-04-10T07:43:44","modified_gmt":"2026-04-10T07:43:44","slug":"politica-de-redes-sociales","status":"publish","type":"page","link":"https:\/\/rgmetalshaping.com\/ca\/politica-de-redes-sociales\/","title":{"rendered":"Pol\u00edtica de Xarxes Socials"},"content":{"rendered":"<div data-elementor-type=\"wp-page\" data-elementor-id=\"9138\" class=\"elementor elementor-9138\">\n\t\t\t\t<div class=\"elementor-element elementor-element-49a6e5b5 e-flex e-con-boxed e-con e-parent\" data-id=\"49a6e5b5\" data-element_type=\"container\" data-e-type=\"container\">\n\t\t\t\t\t<div class=\"e-con-inner\">\n\t\t\t\t<div class=\"elementor-element elementor-element-4f37054b elementor-widget elementor-widget-text-editor\" data-id=\"4f37054b\" data-element_type=\"widget\" data-e-type=\"widget\" data-widget_type=\"text-editor.default\">\n\t\t\t\t<div class=\"elementor-widget-container\">\n\t\t\t\t\t\t\t\t\t<h4>1. INFORMACI\u00d3 A LA PERSONA USU\u00c0RIA<\/h4><h5><strong>Qui \u00e9s el responsable del tractament de les seves dades personals?<\/strong><\/h5><p>R&amp;G METAL SHAPING S.L.U. ser\u00e0 el responsable del tractament de les dades personals d'aquelles PERSONES que hagin creat un perfil en qualsevol de les seves xarxes socials, i aquestes seran tractades de conformitat amb el que disposa el Reglament (UE) 2016\/679, de 27 d'abril (RGPD), la Llei Org\u00e0nica 3\/2018, de 5 de desembre (LOPDGDD), i la Llei de Serveis de la Societat de la Informaci\u00f3 i Comer\u00e7 Electr\u00f2nic (LSSI), facilitant la seg\u00fcent informaci\u00f3 del tractament:<\/p><h5>\u00a0<\/h5><h5><strong>Per a qu\u00e8 tractem les seves dades personals?<\/strong><\/h5><p>Finalitat del tractament: per mantenir una relaci\u00f3 entre la PERSONA USU\u00c0RIA i R&amp;G METAL SHAPING S.L.U. (en endavant l'RESPONSABLE) que pot incloure les seg\u00fcents operacions:<\/p><ul><li>Tramitar sol\u00b7licituds i consultes plantejades al responsable<\/li><li>Informar sobre activitats i esdeveniments organitzats per la persona responsable<\/li><li>Informar sobre productes o serveis oferts pel responsable<\/li><li>Interactuar a trav\u00e9s dels perfils oficials<\/li><\/ul><p>Quan el RESPONSABLE recopili i tracti dades personals a trav\u00e9s de les seves xarxes socials, les PERSONES USU\u00c0RIES seran informades sobre la finalitat de la recopilaci\u00f3 de dades, aix\u00ed com sobre els seus drets en relaci\u00f3 a les seves dades personals. Les dades personals s'utilitzaran \u00fanicament per als fins indicats i es mantindran de manera segura.<\/p><p><strong>Base Jur\u00eddica del Tractament:<\/strong> el consentiment expl\u00edcit atorgat per la PERSONA USU\u00c0RIA per al tractament de les seves dades personals per a un o diversos fins espec\u00edfics (article 6.1.a GDPR).<\/p><p>Per altra banda, la PERSONA USU\u00c0RIA podr\u00e0 accedir en tot moment a les pol\u00edtiques de privacitat de la pr\u00f2pia xarxa social, aix\u00ed com configurar el seu perfil per garantir la seva privacitat.<\/p><h5>\u00a0<\/h5><h5><strong>Durant quant de temps guardarem les seves dades personals?<\/strong><\/h5><p><strong>Criteris de conservaci\u00f3 de les dades:<\/strong> es conservaran mentre la PERSONA USU\u00c0RIA no revoqui el consentiment prestat tal com s'indica en aquesta pol\u00edtica de privacitat.<\/p><h5>\u00a0<\/h5><h5><strong>A qui facilitemem les seves dades personals?<\/strong><\/h5><p><strong>Comunicaci\u00f3 de les dades:<\/strong> la informaci\u00f3 facilitada per la PERSONA USU\u00c0RIA a trav\u00e9s de les xarxes socials del RESPONSABLE, incloses les seves dades personals, pot ser publicada, sempre en funci\u00f3 dels serveis que la PERSONA USU\u00c0RIA utilitzi, per la qual cosa podr\u00e0 quedar a disposici\u00f3 p\u00fablica d'altres tercers usuaris de les xarxes socials. Des del perfil de cada xarxa social, la PERSONA USU\u00c0RIA pot configurar quina informaci\u00f3 vol fer p\u00fablica en cada cas, veure els permisos que s'han concedit, eliminar-los o desactivar-los, com qualsevol aplicaci\u00f3 d'un tercer que ja no es desitja utilitzar.<\/p><p>No obstant aix\u00f2, no est\u00e0 prevista cap comunicaci\u00f3 de dades personals a tercers fora de la xarxa social excepte, si fos imprescindible per al desenvolupament i execuci\u00f3 de les finalitats del tractament, als nostres prove\u00efdors de serveis relacionats amb comunicacions, amb els quals el RESPONSABLE t\u00e9 subscrits els contractes de confidencialitat i d'encarregat de tractament exigits per la normativa vigent de privadesa.<\/p><h5>\u00a0<\/h5><h5><strong>Quins s\u00f3n els vostres drets?<\/strong><\/h5><p>Drets que assisteixen a la PERSONA USU\u00c0RIA: nom\u00e9s podran satisfer-se en relaci\u00f3 a aquella informaci\u00f3 que es trobi sota el control del RESPONSABLE.<\/p><ul><li>Dret a retirar el consentiment en qualsevol moment.<\/li><li>Dret d'acc\u00e9s, rectificaci\u00f3, portabilitat i supressi\u00f3 de les seves dades, i de limitaci\u00f3 o oposici\u00f3 al seu tractament.<\/li><li>Dret de presentaci\u00f3 <strong>una<\/strong> reclamaci\u00f3 davant de l'autoritat de control (www.aepd.es) si considera que el tractament no s'ajusta a la normativa vigent.<\/li><\/ul><div>\u00a0<\/div><h6><strong>Dades de contacte per exercir els seus drets:<\/strong><\/h6><p>R&amp;G METAL SHAPING S.L.U. Pol. Ind. Malloles, C\/ Esquirol, 4 \u2013 08500 Vic (Barcelona). Correu electr\u00f2nic: lopd@rgmetalshaping.com<br \/>La pol\u00edtica de privacitat completa est\u00e0 disponible a <a href=\"https:\/\/rgmetalshaping.com\/ca\/politica-de-privadesa\/\">https:\/\/rgmetalshaping.com\/politica-de-privacidad\/<\/a><\/p><h4>\u00a0<\/h4><h4>2. UTILITZACI\u00d3 DEL PERFIL<\/h4><p>El RESPONSABLE dur\u00e0 a terme les actuacions seg\u00fcents:<\/p><ul><li>Acc\u00e9s a la informaci\u00f3 p\u00fablica del perfil.<\/li><li>Publicaci\u00f3 al perfil de la PERSONA USU\u00c0RIA de tota aquella informaci\u00f3 ja publicada a la xarxa social del RESPONSABLE.<\/li><li>Enviar missatges personals i individuals a trav\u00e9s dels canals de la xarxa social.<\/li><li>Actualitzacions de l'estat de la p\u00e0gina que es publicaran al perfil de la PERSONA USU\u00c0RIA.<\/li><\/ul><div>\u00a0<\/div><p>L'usuari sempre pot controlar les seves connexions, eliminar els continguts que ja no li interessin i restringir amb qui comparteix les seves connexions; per fer-ho, haur\u00e0 d'accedir a la seva configuraci\u00f3 on trobar\u00e0 diferents possibilitats de configuraci\u00f3 en relaci\u00f3 al grau de privadesa del perfil d'usuari a la xarxa social.<\/p><h4>\u00a0<\/h4><h4>3. PUBLICACIONS<\/h4><p>L'objectiu de les xarxes socials \u00e9s donar visibilitat i difusi\u00f3 a les activitats que desenvolupa el RESPONSABLE. Aquestes eines emmagatzemen dades personals als servidors dels serveis respectius i es regeixen per la seva pr\u00f2pia pol\u00edtica de privadesa.<\/p><p>La PERSONA USU\u00c0RIA, un cop sigui seguidora o s'hagi unit a la xarxa social del RESPONSABLE, podr\u00e0 publicar-hi comentaris, enlla\u00e7os, imatges, fotografies o qualsevol altre tipus de contingut multim\u00e8dia suportat per aquesta. La PERSONA USU\u00c0RIA en tots els casos ha de ser la titular del contingut publicat, gaudir dels drets d'autor i de propietat intel\u00b7lectual o comptar amb el consentiment dels tercers afectats.<\/p><p>Es prohibeix expressament qualsevol publicaci\u00f3 a la xarxa social, ja siguin textos, gr\u00e0fics, fotografies, v\u00eddeos, etc. que atemptin o siguin susceptibles d'atemptar contra la moral, l'\u00e8tica, el bon gust o el dec\u00f2rum, i\/o que infringeixin, violin o traspassin els drets de propietat intel\u00b7lectual o industrial, el dret a la imatge o la Llei. No es toleraran comentaris o contingut ofensiu, difamatori, il\u00b7legal o inapropiat als perfils de l'empresa. L'empresa es reserva el dret d'eliminar aquests comentaris o contingut i bloquejar els usuaris responsables.<\/p><p>En aquests casos, el RESPONSABLE es reserva el dret de retirar immediatament el contingut, sense comunicaci\u00f3 pr\u00e8via, podent sol\u00b7licitar el bloqueig permanent de la PERSONA USU\u00c0RIA.<\/p><p>El RESPONSABLE no es far\u00e0 responsable dels continguts que lliurement ha publicat la PERSONA USU\u00c0RIA.<\/p><p>La persona usu\u00e0ria ha de tenir present que les seves publicacions seran conegudes per altres usuaris, per la qual cosa ell mateix \u00e9s el principal responsable de la seva privacitat.<\/p><p>Les imatges que puguin publicar-se a la xarxa social no seran emmagatzemades en cap fitxer per part del RESPONSABLE, per\u00f2 s\u00ed que romandran a la xarxa social.<\/p><h5>\u00a0<\/h5><h4>4. DADES DE MENORS D'EDAT O PERSONES AMB CAPACITATS ESPECIALS<\/h4><p>moment de registre, tenint en compte els diferents requisits d'edat per a la seva realitzaci\u00f3.<\/p><p>Aix\u00ed mateix, el RESPONSABLE quedar\u00e0 expressament exonerat de qualsevol responsabilitat que pogu\u00e9s derivar-se de l'\u00fas de les xarxes socials per part de menors o persones amb capacitats especials i el seu acc\u00e9s hauria de realitzar-se sota la supervisi\u00f3 i control dels seus representants legals.<\/p><p>El RESPONSABLE es reserva el dret de modificar aquesta pol\u00edtica en qualsevol moment. Els canvis seran comunicats a trav\u00e9s dels nostres perfils de xarxes socials i\/o el nostre lloc web.<\/p>\t\t\t\t\t\t\t\t<\/div>\n\t\t\t\t<\/div>\n\t\t\t\t\t<\/div>\n\t\t\t\t<\/div>\n\t\t<div class=\"elementor-element elementor-element-7dcc856 e-flex e-con-boxed e-con e-parent\" data-id=\"7dcc856\" data-element_type=\"container\" data-e-type=\"container\">\n\t\t\t\t\t<div class=\"e-con-inner\">\n\t\t\t\t<div class=\"elementor-element elementor-element-d2f1f94 elementor-widget elementor-widget-spacer\" data-id=\"d2f1f94\" data-element_type=\"widget\" data-e-type=\"widget\" data-widget_type=\"spacer.default\">\n\t\t\t\t<div class=\"elementor-widget-container\">\n\t\t\t\t\t\t\t<div class=\"elementor-spacer\">\n\t\t\t<div class=\"elementor-spacer-inner\"><\/div>\n\t\t<\/div>\n\t\t\t\t\t\t<\/div>\n\t\t\t\t<\/div>\n\t\t\t\t\t<\/div>\n\t\t\t\t<\/div>\n\t\t\t\t<\/div>","protected":false},"excerpt":{"rendered":"<p>1. INFORMACI\u00d3N A LA PERSONA USUARIA \u00bfQui\u00e9n es el responsable del tratamiento de sus datos personales? R&amp;G METAL SHAPING S.L.U. ser\u00e1 el responsable del tratamiento de los datos personales de aquellas PERSONAS que han procedido a crear un perfil en cualquiera de sus redes sociales, y los mismos ser\u00e1n tratados de conformidad con lo dispuesto [&hellip;]<\/p>\n","protected":false},"author":4,"featured_media":0,"parent":0,"menu_order":0,"comment_status":"closed","ping_status":"closed","template":"","meta":{"footnotes":""},"class_list":["post-9138","page","type-page","status-publish","hentry"],"yoast_head":"<!-- This site is optimized with the Yoast SEO plugin v27.3 - https:\/\/yoast.com\/product\/yoast-seo-wordpress\/ -->\n<title>Pol\u00edtica de Redes Sociales &#8226; R&amp;G Metal Shaping<\/title>\n<meta name=\"robots\" content=\"index, follow, max-snippet:-1, max-image-preview:large, max-video-preview:-1\" \/>\n<link rel=\"canonical\" href=\"https:\/\/rgmetalshaping.com\/ca\/politica-de-redes-sociales\/\" \/>\n<meta property=\"og:locale\" content=\"ca_ES\" \/>\n<meta property=\"og:type\" content=\"article\" \/>\n<meta property=\"og:title\" content=\"Pol\u00edtica de Redes Sociales &#8226; R&amp;G Metal Shaping\" \/>\n<meta property=\"og:description\" content=\"1. INFORMACI\u00d3N A LA PERSONA USUARIA \u00bfQui\u00e9n es el responsable del tratamiento de sus datos personales? R&amp;G METAL SHAPING S.L.U. ser\u00e1 el responsable del tratamiento de los datos personales de aquellas PERSONAS que han procedido a crear un perfil en cualquiera de sus redes sociales, y los mismos ser\u00e1n tratados de conformidad con lo dispuesto [&hellip;]\" \/>\n<meta property=\"og:url\" content=\"https:\/\/rgmetalshaping.com\/ca\/politica-de-redes-sociales\/\" \/>\n<meta property=\"og:site_name\" content=\"R&amp;G Metal Shaping\" \/>\n<meta property=\"article:publisher\" content=\"https:\/\/www.facebook.com\/rgmetalshaping\" \/>\n<meta property=\"article:modified_time\" content=\"2026-04-10T07:43:44+00:00\" \/>\n<meta name=\"twitter:card\" content=\"summary_large_image\" \/>\n<script type=\"application\/ld+json\" class=\"yoast-schema-graph\">{\"@context\":\"https:\\\/\\\/schema.org\",\"@graph\":[{\"@type\":\"WebPage\",\"@id\":\"https:\\\/\\\/rgmetalshaping.com\\\/politica-de-redes-sociales\\\/\",\"url\":\"https:\\\/\\\/rgmetalshaping.com\\\/politica-de-redes-sociales\\\/\",\"name\":\"Pol\u00edtica de Redes Sociales &#8226; R&amp;G Metal Shaping\",\"isPartOf\":{\"@id\":\"https:\\\/\\\/rgmetalshaping.com\\\/#website\"},\"datePublished\":\"2026-04-09T13:44:54+00:00\",\"dateModified\":\"2026-04-10T07:43:44+00:00\",\"breadcrumb\":{\"@id\":\"https:\\\/\\\/rgmetalshaping.com\\\/politica-de-redes-sociales\\\/#breadcrumb\"},\"inLanguage\":\"ca\",\"potentialAction\":[{\"@type\":\"ReadAction\",\"target\":[\"https:\\\/\\\/rgmetalshaping.com\\\/politica-de-redes-sociales\\\/\"]}]},{\"@type\":\"BreadcrumbList\",\"@id\":\"https:\\\/\\\/rgmetalshaping.com\\\/politica-de-redes-sociales\\\/#breadcrumb\",\"itemListElement\":[{\"@type\":\"ListItem\",\"position\":1,\"name\":\"Inici\",\"item\":\"https:\\\/\\\/rgmetalshaping.com\\\/\"},{\"@type\":\"ListItem\",\"position\":2,\"name\":\"Pol\u00edtica de Redes Sociales\"}]},{\"@type\":\"WebSite\",\"@id\":\"https:\\\/\\\/rgmetalshaping.com\\\/#website\",\"url\":\"https:\\\/\\\/rgmetalshaping.com\\\/\",\"name\":\"R&G Metal Shaping\",\"description\":\"Planchisteria industrial de precisi\u00f3n\",\"publisher\":{\"@id\":\"https:\\\/\\\/rgmetalshaping.com\\\/#organization\"},\"alternateName\":\"RG Metal Shaping\",\"potentialAction\":[{\"@type\":\"SearchAction\",\"target\":{\"@type\":\"EntryPoint\",\"urlTemplate\":\"https:\\\/\\\/rgmetalshaping.com\\\/?s={search_term_string}\"},\"query-input\":{\"@type\":\"PropertyValueSpecification\",\"valueRequired\":true,\"valueName\":\"search_term_string\"}}],\"inLanguage\":\"ca\"},{\"@type\":\"Organization\",\"@id\":\"https:\\\/\\\/rgmetalshaping.com\\\/#organization\",\"name\":\"R&G Metal Shaping\",\"alternateName\":\"R&G Metal Shaping\",\"url\":\"https:\\\/\\\/rgmetalshaping.com\\\/\",\"logo\":{\"@type\":\"ImageObject\",\"inLanguage\":\"ca\",\"@id\":\"https:\\\/\\\/rgmetalshaping.com\\\/#\\\/schema\\\/logo\\\/image\\\/\",\"url\":\"https:\\\/\\\/rgmetalshaping.com\\\/wp-content\\\/uploads\\\/2023\\\/01\\\/RG-Logo-Dark.svg\",\"contentUrl\":\"https:\\\/\\\/rgmetalshaping.com\\\/wp-content\\\/uploads\\\/2023\\\/01\\\/RG-Logo-Dark.svg\",\"width\":101,\"height\":54,\"caption\":\"R&G Metal Shaping\"},\"image\":{\"@id\":\"https:\\\/\\\/rgmetalshaping.com\\\/#\\\/schema\\\/logo\\\/image\\\/\"},\"sameAs\":[\"https:\\\/\\\/www.facebook.com\\\/rgmetalshaping\",\"https:\\\/\\\/www.linkedin.com\\\/company\\\/r&g-metal-shaping-sl\\\/\",\"https:\\\/\\\/www.instagram.com\\\/rgmetalshaping\\\/\"]}]}<\/script>\n<!-- \/ Yoast SEO plugin. -->","yoast_head_json":{"title":"Pol\u00edtica de Xarxes Socials \u2022 R&amp;G Metal Shaping","robots":{"index":"index","follow":"follow","max-snippet":"max-snippet:-1","max-image-preview":"max-image-preview:large","max-video-preview":"max-video-preview:-1"},"canonical":"https:\/\/rgmetalshaping.com\/ca\/politica-de-redes-sociales\/","og_locale":"ca_ES","og_type":"article","og_title":"Pol\u00edtica de Redes Sociales &#8226; R&amp;G Metal Shaping","og_description":"1. INFORMACI\u00d3N A LA PERSONA USUARIA \u00bfQui\u00e9n es el responsable del tratamiento de sus datos personales? R&amp;G METAL SHAPING S.L.U. ser\u00e1 el responsable del tratamiento de los datos personales de aquellas PERSONAS que han procedido a crear un perfil en cualquiera de sus redes sociales, y los mismos ser\u00e1n tratados de conformidad con lo dispuesto [&hellip;]","og_url":"https:\/\/rgmetalshaping.com\/ca\/politica-de-redes-sociales\/","og_site_name":"R&amp;G Metal Shaping","article_publisher":"https:\/\/www.facebook.com\/rgmetalshaping","article_modified_time":"2026-04-10T07:43:44+00:00","twitter_card":"summary_large_image","schema":{"@context":"https:\/\/schema.org","@graph":[{"@type":"WebPage","@id":"https:\/\/rgmetalshaping.com\/politica-de-redes-sociales\/","url":"https:\/\/rgmetalshaping.com\/politica-de-redes-sociales\/","name":"Pol\u00edtica de Xarxes Socials \u2022 R&amp;G Metal Shaping","isPartOf":{"@id":"https:\/\/rgmetalshaping.com\/#website"},"datePublished":"2026-04-09T13:44:54+00:00","dateModified":"2026-04-10T07:43:44+00:00","breadcrumb":{"@id":"https:\/\/rgmetalshaping.com\/politica-de-redes-sociales\/#breadcrumb"},"inLanguage":"ca","potentialAction":[{"@type":"ReadAction","target":["https:\/\/rgmetalshaping.com\/politica-de-redes-sociales\/"]}]},{"@type":"BreadcrumbList","@id":"https:\/\/rgmetalshaping.com\/politica-de-redes-sociales\/#breadcrumb","itemListElement":[{"@type":"ListItem","position":1,"name":"Inici","item":"https:\/\/rgmetalshaping.com\/"},{"@type":"ListItem","position":2,"name":"Pol\u00edtica de Redes Sociales"}]},{"@type":"WebSite","@id":"https:\/\/rgmetalshaping.com\/#website","url":"https:\/\/rgmetalshaping.com\/","name":"R&amp;G Metal Shaping","description":"Planxisteria industrial de precisi\u00f3","publisher":{"@id":"https:\/\/rgmetalshaping.com\/#organization"},"alternateName":"RG Metal Shaping","potentialAction":[{"@type":"SearchAction","target":{"@type":"EntryPoint","urlTemplate":"https:\/\/rgmetalshaping.com\/?s={search_term_string}"},"query-input":{"@type":"PropertyValueSpecification","valueRequired":true,"valueName":"search_term_string"}}],"inLanguage":"ca"},{"@type":"Organization","@id":"https:\/\/rgmetalshaping.com\/#organization","name":"R&amp;G Metal Shaping","alternateName":"R&G Metal Shaping","url":"https:\/\/rgmetalshaping.com\/","logo":{"@type":"ImageObject","inLanguage":"ca","@id":"https:\/\/rgmetalshaping.com\/#\/schema\/logo\/image\/","url":"https:\/\/rgmetalshaping.com\/wp-content\/uploads\/2023\/01\/RG-Logo-Dark.svg","contentUrl":"https:\/\/rgmetalshaping.com\/wp-content\/uploads\/2023\/01\/RG-Logo-Dark.svg","width":101,"height":54,"caption":"R&G Metal Shaping"},"image":{"@id":"https:\/\/rgmetalshaping.com\/#\/schema\/logo\/image\/"},"sameAs":["https:\/\/www.facebook.com\/rgmetalshaping","https:\/\/www.linkedin.com\/company\/r&g-metal-shaping-sl\/","https:\/\/www.instagram.com\/rgmetalshaping\/"]}]}},"_links":{"self":[{"href":"https:\/\/rgmetalshaping.com\/ca\/wp-json\/wp\/v2\/pages\/9138","targetHints":{"allow":["GET"]}}],"collection":[{"href":"https:\/\/rgmetalshaping.com\/ca\/wp-json\/wp\/v2\/pages"}],"about":[{"href":"https:\/\/rgmetalshaping.com\/ca\/wp-json\/wp\/v2\/types\/page"}],"author":[{"embeddable":true,"href":"https:\/\/rgmetalshaping.com\/ca\/wp-json\/wp\/v2\/users\/4"}],"replies":[{"embeddable":true,"href":"https:\/\/rgmetalshaping.com\/ca\/wp-json\/wp\/v2\/comments?post=9138"}],"version-history":[{"count":10,"href":"https:\/\/rgmetalshaping.com\/ca\/wp-json\/wp\/v2\/pages\/9138\/revisions"}],"predecessor-version":[{"id":9172,"href":"https:\/\/rgmetalshaping.com\/ca\/wp-json\/wp\/v2\/pages\/9138\/revisions\/9172"}],"wp:attachment":[{"href":"https:\/\/rgmetalshaping.com\/ca\/wp-json\/wp\/v2\/media?parent=9138"}],"curies":[{"name":"wp","href":"https:\/\/api.w.org\/{rel}","templated":true}]}}