{"id":9138,"date":"2026-04-09T13:44:54","date_gmt":"2026-04-09T13:44:54","guid":{"rendered":"https:\/\/rgmetalshaping.com\/?page_id=9138"},"modified":"2026-04-10T07:43:44","modified_gmt":"2026-04-10T07:43:44","slug":"politica-de-redes-sociales","status":"publish","type":"page","link":"https:\/\/rgmetalshaping.com\/fr\/politica-de-redes-sociales\/","title":{"rendered":"Politique de r\u00e9seaux sociaux"},"content":{"rendered":"<div data-elementor-type=\"wp-page\" data-elementor-id=\"9138\" class=\"elementor elementor-9138\">\n\t\t\t\t<div class=\"elementor-element elementor-element-49a6e5b5 e-flex e-con-boxed e-con e-parent\" data-id=\"49a6e5b5\" data-element_type=\"container\" data-e-type=\"container\">\n\t\t\t\t\t<div class=\"e-con-inner\">\n\t\t\t\t<div class=\"elementor-element elementor-element-4f37054b elementor-widget elementor-widget-text-editor\" data-id=\"4f37054b\" data-element_type=\"widget\" data-e-type=\"widget\" data-widget_type=\"text-editor.default\">\n\t\t\t\t<div class=\"elementor-widget-container\">\n\t\t\t\t\t\t\t\t\t<h4>1. INFORMATIONS \u00c0 L'UTILISATEUR<\/h4><h5><strong>Qui est le responsable du traitement de vos donn\u00e9es personnelles ?<\/strong><\/h5><p>R&amp;G METAL SHAPING S.L.U. sera le responsable du traitement des donn\u00e9es personnelles des PERSONNES ayant cr\u00e9\u00e9 un profil sur l'un de ses r\u00e9seaux sociaux, lesquelles seront trait\u00e9es conform\u00e9ment aux dispositions du R\u00e8glement (UE) 2016\/679 du 27 avril (RGPD), de la loi organique 3\/2018 du 5 d\u00e9cembre (LOPDGDD) et de la loi sur les services de la soci\u00e9t\u00e9 de l'information et le commerce \u00e9lectronique (LSSI), en fournissant les informations suivantes sur le traitement :<\/p><h5>\u00a0<\/h5><h5><strong>\u00c0 quelles fins traitons-nous vos donn\u00e9es personnelles ?<\/strong><\/h5><p>Objectif du traitement : pour maintenir une relation entre l'UTILISATEUR et R&amp;G METAL SHAPING S.L.U. (ci-apr\u00e8s le RESPONSABLE) qui peut inclure les op\u00e9rations suivantes :<\/p><ul><li>Traiter les demandes et les questions soumises au responsable<\/li><li>Informer sur les activit\u00e9s et les \u00e9v\u00e9nements organis\u00e9s par le responsable<\/li><li>Informer sur les produits ou services propos\u00e9s par le responsable<\/li><li>Interagir via les profils officiels<\/li><\/ul><p>Lorsque le RESPONSABLE collecte et traite des donn\u00e9es personnelles via ses r\u00e9seaux sociaux, les UTILISATEURS seront inform\u00e9s de la finalit\u00e9 de la collecte de donn\u00e9es, ainsi que de leurs droits concernant leurs donn\u00e9es personnelles. Les donn\u00e9es personnelles seront utilis\u00e9es uniquement aux fins indiqu\u00e9es et seront conserv\u00e9es en toute s\u00e9curit\u00e9.<\/p><p><strong>Base Jur\u00eddica del Tratamiento:<\/strong> le consentement explicite donn\u00e9 par la PERSONNE UTILISATRICE pour le traitement de ses donn\u00e9es personnelles \u00e0 une ou plusieurs fins sp\u00e9cifiques (article 6.1.a RGPD).<\/p><p>D'autre part, l'UTILISATEUR peut acc\u00e9der \u00e0 tout moment aux politiques de confidentialit\u00e9 du r\u00e9seau social lui-m\u00eame, ainsi que configurer son profil pour garantir sa vie priv\u00e9e.<\/p><h5>\u00a0<\/h5><h5><strong>Combien de temps conserverons-nous vos donn\u00e9es personnelles\u00a0?<\/strong><\/h5><p><strong>Crit\u00e8res de conservation des donn\u00e9es :<\/strong> seront conserv\u00e9es tant que l'UTILISATEUR ne r\u00e9voque pas le consentement donn\u00e9, comme indiqu\u00e9 dans cette politique de confidentialit\u00e9.<\/p><h5>\u00a0<\/h5><h5><strong>\u00c0 qui facilitons-nous vos donn\u00e9es personnelles ?<\/strong><\/h5><p><strong>Communication des donn\u00e9es :<\/strong> les informations fournies par la PERSONNE UTILISATRICE via les r\u00e9seaux sociaux du RESPONSABLE, y compris ses donn\u00e9es personnelles, peuvent \u00eatre publi\u00e9es, en fonction des services utilis\u00e9s par la PERSONNE UTILISATRICE, et peuvent donc \u00eatre mises \u00e0 la disposition du public d'autres tiers utilisateurs des r\u00e9seaux sociaux. \u00c0 partir du profil de chaque r\u00e9seau social, la PERSONNE UTILISATRICE peut configurer les informations qu'elle souhaite rendre publiques dans chaque cas, consulter les autorisations accord\u00e9es, les supprimer ou les d\u00e9sactiver, comme toute application tierce qu'elle ne souhaite plus utiliser.<\/p><p>Toutefois, aucune communication de donn\u00e9es personnelles \u00e0 des tiers ext\u00e9rieurs au r\u00e9seau social n'est pr\u00e9vue, sauf si cela est indispensable au d\u00e9veloppement et \u00e0 l'ex\u00e9cution des finalit\u00e9s du traitement, \u00e0 nos prestataires de services li\u00e9s aux communications, avec lesquels le RESPONSABLE a souscrit les contrats de confidentialit\u00e9 et de sous-traitance exig\u00e9s par la r\u00e9glementation actuelle en mati\u00e8re de protection des donn\u00e9es.<\/p><h5>\u00a0<\/h5><h5><strong>Quels sont vos droits ?<\/strong><\/h5><p>Droits dont dispose la PERSONNE UTILISATRICE : ils ne peuvent \u00eatre satisfaits qu'en relation avec les informations qui sont sous le contr\u00f4le du RESPONSABLE.<\/p><ul><li>Droit de retirer son consentement \u00e0 tout moment.<\/li><li>Droit d'acc\u00e8s, de rectification, de portabilit\u00e9 et de suppression de vos donn\u00e9es, ainsi que de limitation ou d'opposition \u00e0 leur traitement.<\/li><li>Le droit de d\u00e9poser <strong>une<\/strong> r\u00e9clamation aupr\u00e8s de l'autorit\u00e9 de contr\u00f4le (www.aepd.es) si vous estimez que le traitement n'est pas conforme \u00e0 la r\u00e9glementation en vigueur.<\/li><\/ul><div>\u00a0<\/div><h6><strong>Coordonn\u00e9es pour exercer vos droits :<\/strong><\/h6><p>R&amp;G METAL SHAPING S.L.U. Pol. Ind. Malloles, C\/ Esquirol, 4 \u2013 08500 Vic (Barcelone). E-mail : lopd@rgmetalshaping.com<br \/>la politique de confidentialit\u00e9 compl\u00e8te est disponible sur <a href=\"https:\/\/rgmetalshaping.com\/fr\/politique-de-confidentialite\/\">https:\/\/rgmetalshaping.com\/politica-de-privacidad\/<\/a><\/p><h4>\u00a0<\/h4><h4>2. UTILISATION DU PROFIL<\/h4><p>Le RESPONSABLE r\u00e9alisera les actions suivantes :<\/p><ul><li>Acc\u00e8s aux informations publiques du profil.<\/li><li>Publication sur le profil de la PERSONNE UTILISATRICE de toute information d\u00e9j\u00e0 publi\u00e9e sur le r\u00e9seau social du RESPONSABLE.<\/li><li>Envoyer des messages personnels et individuels via les canaux du r\u00e9seau social.<\/li><li>Mises \u00e0 jour de l'\u00e9tat de la page \u00e0 publier sur le profil de l'UTILISATEUR.<\/li><\/ul><div>\u00a0<\/div><p>L'UTILISATEUR peut toujours contr\u00f4ler ses connexions, supprimer les contenus qui ne l'int\u00e9ressent plus et restreindre les personnes avec qui il partage ses connexions ; pour ce faire, il doit acc\u00e9der \u00e0 ses param\u00e8tres o\u00f9 il trouvera diff\u00e9rentes options de configuration concernant le niveau de confidentialit\u00e9 de son profil sur le r\u00e9seau social.<\/p><h4>\u00a0<\/h4><h4>3. PUBLICATIONS<\/h4><p>L'objet des r\u00e9seaux sociaux est de donner de la visibilit\u00e9 et de la diffusion aux activit\u00e9s d\u00e9velopp\u00e9es par le RESPONSABLE. Ces outils stockent des donn\u00e9es personnelles sur les serveurs des services respectifs et sont r\u00e9gis par leur propre politique de confidentialit\u00e9.<\/p><p>La PERSONNE UTILISATRICE, une fois qu'elle est devenue une abonn\u00e9e ou a rejoint le r\u00e9seau social du RESPONSABLE, pourra y publier des commentaires, des liens, des images, des photographies ou tout autre type de contenu multim\u00e9dia support\u00e9 par celui-ci. La PERSONNE UTILISATRICE doit dans tous les cas \u00eatre titulaire du contenu publi\u00e9, d\u00e9tenir les droits d'auteur et de propri\u00e9t\u00e9 intellectuelle ou avoir obtenu le consentement des tiers concern\u00e9s.<\/p><p>Il est express\u00e9ment interdit de publier sur le r\u00e9seau social tout contenu, qu'il s'agisse de textes, graphiques, photographies, vid\u00e9os, etc., qui puisse porter atteinte ou \u00eatre susceptible de porter atteinte \u00e0 la morale, \u00e0 l'\u00e9thique, au bon go\u00fbt ou aux bonnes m\u0153urs, et\/ou qui enfreigne, viole ou viole les droits de propri\u00e9t\u00e9 intellectuelle ou industrielle, le droit \u00e0 l'image ou la loi. Les commentaires ou contenus offensants, diffamatoires, ill\u00e9gaux ou inappropri\u00e9s sur les profils de l'entreprise ne seront pas tol\u00e9r\u00e9s. L'Entreprise se r\u00e9serve le droit de supprimer lesdits commentaires ou contenus et de bloquer les utilisateurs responsables.<\/p><p>Dans ces cas, le RESPONSABLE se r\u00e9serve le droit de retirer imm\u00e9diatement le contenu, sans communication pr\u00e9alable, et peut demander le blocage permanent de la PERSONNE UTILISATRICE.<\/p><p>Le RESPONSABLE ne sera pas tenu responsable des contenus que la PERSONNE UTILISATRICE a librement publi\u00e9s.<\/p><p>L'UTILISATEUR doit garder \u00e0 l'esprit que ses publications seront connues par d'autres utilisateurs, il est donc le principal responsable de sa vie priv\u00e9e.<\/p><p>Les images qui pourraient \u00eatre publi\u00e9es sur le r\u00e9seau social ne seront pas stock\u00e9es dans un fichier par le RESPONSABLE, mais elles resteront sur le r\u00e9seau social.<\/p><h5>\u00a0<\/h5><h4>4. INFORMATIONS CONCERNANT LES MINEURS OU LES PERSONNES \u00c0 CAPACIT\u00c9S SP\u00c9CIALES<\/h4><p>moment de l'enregistrement, compte tenu des diff\u00e9rentes exigences d'\u00e2ge pour sa r\u00e9alisation.<\/p><p>De m\u00eame, le RESPONSABLE sera express\u00e9ment exon\u00e9r\u00e9 de toute responsabilit\u00e9 pouvant d\u00e9couler de l'utilisation des r\u00e9seaux sociaux par des mineurs ou des personnes ayant des capacit\u00e9s sp\u00e9ciales, dont l'acc\u00e8s devrait se faire sous la supervision et le contr\u00f4le de leurs repr\u00e9sentants l\u00e9gaux.<\/p><p>Le RESPONSABLE se r\u00e9serve le droit de modifier cette politique \u00e0 tout moment. Les modifications seront communiqu\u00e9es via nos profils sur les r\u00e9seaux sociaux et\/ou notre site web.<\/p>\t\t\t\t\t\t\t\t<\/div>\n\t\t\t\t<\/div>\n\t\t\t\t\t<\/div>\n\t\t\t\t<\/div>\n\t\t<div class=\"elementor-element elementor-element-7dcc856 e-flex e-con-boxed e-con e-parent\" data-id=\"7dcc856\" data-element_type=\"container\" data-e-type=\"container\">\n\t\t\t\t\t<div class=\"e-con-inner\">\n\t\t\t\t<div class=\"elementor-element elementor-element-d2f1f94 elementor-widget elementor-widget-spacer\" data-id=\"d2f1f94\" data-element_type=\"widget\" data-e-type=\"widget\" data-widget_type=\"spacer.default\">\n\t\t\t\t<div class=\"elementor-widget-container\">\n\t\t\t\t\t\t\t<div class=\"elementor-spacer\">\n\t\t\t<div class=\"elementor-spacer-inner\"><\/div>\n\t\t<\/div>\n\t\t\t\t\t\t<\/div>\n\t\t\t\t<\/div>\n\t\t\t\t\t<\/div>\n\t\t\t\t<\/div>\n\t\t\t\t<\/div>","protected":false},"excerpt":{"rendered":"<p>1. INFORMACI\u00d3N A LA PERSONA USUARIA \u00bfQui\u00e9n es el responsable del tratamiento de sus datos personales? R&amp;G METAL SHAPING S.L.U. ser\u00e1 el responsable del tratamiento de los datos personales de aquellas PERSONAS que han procedido a crear un perfil en cualquiera de sus redes sociales, y los mismos ser\u00e1n tratados de conformidad con lo dispuesto [&hellip;]<\/p>\n","protected":false},"author":4,"featured_media":0,"parent":0,"menu_order":0,"comment_status":"closed","ping_status":"closed","template":"","meta":{"footnotes":""},"class_list":["post-9138","page","type-page","status-publish","hentry"],"yoast_head":"<!-- This site is optimized with the Yoast SEO plugin v27.3 - https:\/\/yoast.com\/product\/yoast-seo-wordpress\/ -->\n<title>Pol\u00edtica de Redes Sociales &#8226; R&amp;G Metal Shaping<\/title>\n<meta name=\"robots\" content=\"index, follow, max-snippet:-1, max-image-preview:large, max-video-preview:-1\" \/>\n<link rel=\"canonical\" href=\"https:\/\/rgmetalshaping.com\/fr\/politica-de-redes-sociales\/\" \/>\n<meta property=\"og:locale\" content=\"fr_FR\" \/>\n<meta property=\"og:type\" content=\"article\" \/>\n<meta property=\"og:title\" content=\"Pol\u00edtica de Redes Sociales &#8226; R&amp;G Metal Shaping\" \/>\n<meta property=\"og:description\" content=\"1. INFORMACI\u00d3N A LA PERSONA USUARIA \u00bfQui\u00e9n es el responsable del tratamiento de sus datos personales? R&amp;G METAL SHAPING S.L.U. ser\u00e1 el responsable del tratamiento de los datos personales de aquellas PERSONAS que han procedido a crear un perfil en cualquiera de sus redes sociales, y los mismos ser\u00e1n tratados de conformidad con lo dispuesto [&hellip;]\" \/>\n<meta property=\"og:url\" content=\"https:\/\/rgmetalshaping.com\/fr\/politica-de-redes-sociales\/\" \/>\n<meta property=\"og:site_name\" content=\"R&amp;G Metal Shaping\" \/>\n<meta property=\"article:publisher\" content=\"https:\/\/www.facebook.com\/rgmetalshaping\" \/>\n<meta property=\"article:modified_time\" content=\"2026-04-10T07:43:44+00:00\" \/>\n<meta name=\"twitter:card\" content=\"summary_large_image\" \/>\n<script type=\"application\/ld+json\" class=\"yoast-schema-graph\">{\"@context\":\"https:\\\/\\\/schema.org\",\"@graph\":[{\"@type\":\"WebPage\",\"@id\":\"https:\\\/\\\/rgmetalshaping.com\\\/politica-de-redes-sociales\\\/\",\"url\":\"https:\\\/\\\/rgmetalshaping.com\\\/politica-de-redes-sociales\\\/\",\"name\":\"Pol\u00edtica de Redes Sociales &#8226; R&amp;G Metal Shaping\",\"isPartOf\":{\"@id\":\"https:\\\/\\\/rgmetalshaping.com\\\/#website\"},\"datePublished\":\"2026-04-09T13:44:54+00:00\",\"dateModified\":\"2026-04-10T07:43:44+00:00\",\"breadcrumb\":{\"@id\":\"https:\\\/\\\/rgmetalshaping.com\\\/politica-de-redes-sociales\\\/#breadcrumb\"},\"inLanguage\":\"fr-FR\",\"potentialAction\":[{\"@type\":\"ReadAction\",\"target\":[\"https:\\\/\\\/rgmetalshaping.com\\\/politica-de-redes-sociales\\\/\"]}]},{\"@type\":\"BreadcrumbList\",\"@id\":\"https:\\\/\\\/rgmetalshaping.com\\\/politica-de-redes-sociales\\\/#breadcrumb\",\"itemListElement\":[{\"@type\":\"ListItem\",\"position\":1,\"name\":\"Inici\",\"item\":\"https:\\\/\\\/rgmetalshaping.com\\\/\"},{\"@type\":\"ListItem\",\"position\":2,\"name\":\"Pol\u00edtica de Redes Sociales\"}]},{\"@type\":\"WebSite\",\"@id\":\"https:\\\/\\\/rgmetalshaping.com\\\/#website\",\"url\":\"https:\\\/\\\/rgmetalshaping.com\\\/\",\"name\":\"R&G Metal Shaping\",\"description\":\"Planchisteria industrial de precisi\u00f3n\",\"publisher\":{\"@id\":\"https:\\\/\\\/rgmetalshaping.com\\\/#organization\"},\"alternateName\":\"RG Metal Shaping\",\"potentialAction\":[{\"@type\":\"SearchAction\",\"target\":{\"@type\":\"EntryPoint\",\"urlTemplate\":\"https:\\\/\\\/rgmetalshaping.com\\\/?s={search_term_string}\"},\"query-input\":{\"@type\":\"PropertyValueSpecification\",\"valueRequired\":true,\"valueName\":\"search_term_string\"}}],\"inLanguage\":\"fr-FR\"},{\"@type\":\"Organization\",\"@id\":\"https:\\\/\\\/rgmetalshaping.com\\\/#organization\",\"name\":\"R&G Metal Shaping\",\"alternateName\":\"R&G Metal Shaping\",\"url\":\"https:\\\/\\\/rgmetalshaping.com\\\/\",\"logo\":{\"@type\":\"ImageObject\",\"inLanguage\":\"fr-FR\",\"@id\":\"https:\\\/\\\/rgmetalshaping.com\\\/#\\\/schema\\\/logo\\\/image\\\/\",\"url\":\"https:\\\/\\\/rgmetalshaping.com\\\/wp-content\\\/uploads\\\/2023\\\/01\\\/RG-Logo-Dark.svg\",\"contentUrl\":\"https:\\\/\\\/rgmetalshaping.com\\\/wp-content\\\/uploads\\\/2023\\\/01\\\/RG-Logo-Dark.svg\",\"width\":101,\"height\":54,\"caption\":\"R&G Metal Shaping\"},\"image\":{\"@id\":\"https:\\\/\\\/rgmetalshaping.com\\\/#\\\/schema\\\/logo\\\/image\\\/\"},\"sameAs\":[\"https:\\\/\\\/www.facebook.com\\\/rgmetalshaping\",\"https:\\\/\\\/www.linkedin.com\\\/company\\\/r&g-metal-shaping-sl\\\/\",\"https:\\\/\\\/www.instagram.com\\\/rgmetalshaping\\\/\"]}]}<\/script>\n<!-- \/ Yoast SEO plugin. -->","yoast_head_json":{"title":"Politique sur les r\u00e9seaux sociaux \u2022 R&amp;G Metal Shaping","robots":{"index":"index","follow":"follow","max-snippet":"max-snippet:-1","max-image-preview":"max-image-preview:large","max-video-preview":"max-video-preview:-1"},"canonical":"https:\/\/rgmetalshaping.com\/fr\/politica-de-redes-sociales\/","og_locale":"fr_FR","og_type":"article","og_title":"Pol\u00edtica de Redes Sociales &#8226; R&amp;G Metal Shaping","og_description":"1. INFORMACI\u00d3N A LA PERSONA USUARIA \u00bfQui\u00e9n es el responsable del tratamiento de sus datos personales? R&amp;G METAL SHAPING S.L.U. ser\u00e1 el responsable del tratamiento de los datos personales de aquellas PERSONAS que han procedido a crear un perfil en cualquiera de sus redes sociales, y los mismos ser\u00e1n tratados de conformidad con lo dispuesto [&hellip;]","og_url":"https:\/\/rgmetalshaping.com\/fr\/politica-de-redes-sociales\/","og_site_name":"R&amp;G Metal Shaping","article_publisher":"https:\/\/www.facebook.com\/rgmetalshaping","article_modified_time":"2026-04-10T07:43:44+00:00","twitter_card":"summary_large_image","schema":{"@context":"https:\/\/schema.org","@graph":[{"@type":"WebPage","@id":"https:\/\/rgmetalshaping.com\/politica-de-redes-sociales\/","url":"https:\/\/rgmetalshaping.com\/politica-de-redes-sociales\/","name":"Politique sur les r\u00e9seaux sociaux \u2022 R&amp;G Metal Shaping","isPartOf":{"@id":"https:\/\/rgmetalshaping.com\/#website"},"datePublished":"2026-04-09T13:44:54+00:00","dateModified":"2026-04-10T07:43:44+00:00","breadcrumb":{"@id":"https:\/\/rgmetalshaping.com\/politica-de-redes-sociales\/#breadcrumb"},"inLanguage":"fr-FR","potentialAction":[{"@type":"ReadAction","target":["https:\/\/rgmetalshaping.com\/politica-de-redes-sociales\/"]}]},{"@type":"BreadcrumbList","@id":"https:\/\/rgmetalshaping.com\/politica-de-redes-sociales\/#breadcrumb","itemListElement":[{"@type":"ListItem","position":1,"name":"Inici","item":"https:\/\/rgmetalshaping.com\/"},{"@type":"ListItem","position":2,"name":"Pol\u00edtica de Redes Sociales"}]},{"@type":"WebSite","@id":"https:\/\/rgmetalshaping.com\/#website","url":"https:\/\/rgmetalshaping.com\/","name":"R&amp;G Metal Shaping","description":"Ferronnerie industrielle de pr\u00e9cision","publisher":{"@id":"https:\/\/rgmetalshaping.com\/#organization"},"alternateName":"RG Metal Shaping","potentialAction":[{"@type":"SearchAction","target":{"@type":"EntryPoint","urlTemplate":"https:\/\/rgmetalshaping.com\/?s={search_term_string}"},"query-input":{"@type":"PropertyValueSpecification","valueRequired":true,"valueName":"search_term_string"}}],"inLanguage":"fr-FR"},{"@type":"Organization","@id":"https:\/\/rgmetalshaping.com\/#organization","name":"R&amp;G Metal Shaping","alternateName":"R&G Metal Shaping","url":"https:\/\/rgmetalshaping.com\/","logo":{"@type":"ImageObject","inLanguage":"fr-FR","@id":"https:\/\/rgmetalshaping.com\/#\/schema\/logo\/image\/","url":"https:\/\/rgmetalshaping.com\/wp-content\/uploads\/2023\/01\/RG-Logo-Dark.svg","contentUrl":"https:\/\/rgmetalshaping.com\/wp-content\/uploads\/2023\/01\/RG-Logo-Dark.svg","width":101,"height":54,"caption":"R&G Metal Shaping"},"image":{"@id":"https:\/\/rgmetalshaping.com\/#\/schema\/logo\/image\/"},"sameAs":["https:\/\/www.facebook.com\/rgmetalshaping","https:\/\/www.linkedin.com\/company\/r&g-metal-shaping-sl\/","https:\/\/www.instagram.com\/rgmetalshaping\/"]}]}},"_links":{"self":[{"href":"https:\/\/rgmetalshaping.com\/fr\/wp-json\/wp\/v2\/pages\/9138","targetHints":{"allow":["GET"]}}],"collection":[{"href":"https:\/\/rgmetalshaping.com\/fr\/wp-json\/wp\/v2\/pages"}],"about":[{"href":"https:\/\/rgmetalshaping.com\/fr\/wp-json\/wp\/v2\/types\/page"}],"author":[{"embeddable":true,"href":"https:\/\/rgmetalshaping.com\/fr\/wp-json\/wp\/v2\/users\/4"}],"replies":[{"embeddable":true,"href":"https:\/\/rgmetalshaping.com\/fr\/wp-json\/wp\/v2\/comments?post=9138"}],"version-history":[{"count":10,"href":"https:\/\/rgmetalshaping.com\/fr\/wp-json\/wp\/v2\/pages\/9138\/revisions"}],"predecessor-version":[{"id":9172,"href":"https:\/\/rgmetalshaping.com\/fr\/wp-json\/wp\/v2\/pages\/9138\/revisions\/9172"}],"wp:attachment":[{"href":"https:\/\/rgmetalshaping.com\/fr\/wp-json\/wp\/v2\/media?parent=9138"}],"curies":[{"name":"wp","href":"https:\/\/api.w.org\/{rel}","templated":true}]}}